{"id":3,"date":"2023-09-25T13:29:47","date_gmt":"2023-09-25T13:29:47","guid":{"rendered":"http:\/\/localhost\/wordpress\/?page_id=3"},"modified":"2023-09-25T13:34:38","modified_gmt":"2023-09-25T13:34:38","slug":"privacy-policy","status":"publish","type":"page","link":"https:\/\/www.denartritidy.cz\/2024\/privacy-policy\/","title":{"rendered":"Ochrana osobn\u00edch \u00fadaj\u016f"},"content":{"rendered":"\t\t<div data-elementor-type=\"wp-page\" data-elementor-id=\"3\" class=\"elementor elementor-3\" data-elementor-settings=\"[]\">\n\t\t\t\t\t\t<div class=\"elementor-inner\">\n\t\t\t\t\t\t\t<div class=\"elementor-section-wrap\">\n\t\t\t\t\t\t\t<section class=\"elementor-section elementor-top-section elementor-element elementor-element-336bce57 elementor-section-boxed elementor-section-height-default elementor-section-height-default\" data-id=\"336bce57\" data-element_type=\"section\">\n\t\t\t\t\t\t<div class=\"elementor-container elementor-column-gap-default\">\n\t\t\t\t\t\t\t<div class=\"elementor-row\">\n\t\t\t\t\t<div class=\"elementor-column elementor-col-100 elementor-top-column elementor-element elementor-element-2a278b2c\" data-id=\"2a278b2c\" data-element_type=\"column\">\n\t\t\t<div class=\"elementor-column-wrap elementor-element-populated\">\n\t\t\t\t\t\t\t<div class=\"elementor-widget-wrap\">\n\t\t\t\t\t\t<div class=\"elementor-element elementor-element-fd2f751 elementor-widget elementor-widget-image\" data-id=\"fd2f751\" data-element_type=\"widget\" data-widget_type=\"image.default\">\n\t\t\t\t<div class=\"elementor-widget-container\">\n\t\t\t\t\t<div class=\"elementor-image\">\n\t\t\t\t\t\t\t\t\t\t<img width=\"1024\" height=\"269\" src=\"https:\/\/www.denartritidy.cz\/2024\/wp-content\/uploads\/2020\/09\/revma-horizontal-1024x269.png\" class=\"attachment-large size-large\" alt=\"\" loading=\"lazy\" srcset=\"https:\/\/www.denartritidy.cz\/2024\/wp-content\/uploads\/2020\/09\/revma-horizontal-1024x269.png 1024w, https:\/\/www.denartritidy.cz\/2024\/wp-content\/uploads\/2020\/09\/revma-horizontal-300x79.png 300w, https:\/\/www.denartritidy.cz\/2024\/wp-content\/uploads\/2020\/09\/revma-horizontal-768x202.png 768w, https:\/\/www.denartritidy.cz\/2024\/wp-content\/uploads\/2020\/09\/revma-horizontal-1536x404.png 1536w, https:\/\/www.denartritidy.cz\/2024\/wp-content\/uploads\/2020\/09\/revma-horizontal.png 1900w\" sizes=\"(max-width: 1024px) 100vw, 1024px\" \/>\t\t\t\t\t\t\t\t\t\t\t<\/div>\n\t\t\t\t<\/div>\n\t\t\t\t<\/div>\n\t\t\t\t<div class=\"elementor-element elementor-element-3df8fc44 elementor-widget elementor-widget-text-editor\" data-id=\"3df8fc44\" data-element_type=\"widget\" data-widget_type=\"text-editor.default\">\n\t\t\t\t<div class=\"elementor-widget-container\">\n\t\t\t\t\t<div class=\"elementor-text-editor elementor-clearfix\"><!-- wp:paragraph -->\n<p><strong>Z\u00e1sady ochrany osobn\u00edch \u00fadaj\u016f<\/strong><\/p>\n<!-- \/wp:paragraph --><!-- wp:paragraph -->\n<p>Spole\u010dnost Revma Liga \u010cesk\u00e1 republika, z.s. prost\u0159ednictv\u00edm t\u011bchto Z\u00e1sad ochrany osobn\u00edch \u00fadaj\u016f informuje subjekty \u00fadaj\u016f, jejich\u017e osobn\u00ed \u00fadaje jsou zpracov\u00e1v\u00e1ny, o podrobnostech tohoto zpracov\u00e1n\u00ed a jejich pr\u00e1vech ve vztahu k ochran\u011b osobn\u00edch \u00fadaj\u016f.<\/p>\n<!-- \/wp:paragraph --><!-- wp:paragraph -->\n<p>Spole\u010dnost \u010cesk\u00e1 republika, z.s. prohla\u0161uje, \u017ee osobn\u00ed \u00fadaje subjekt\u016f \u00fadaj\u016f zpracov\u00e1v\u00e1 v souladu s \u00fa\u010dinn\u00fdmi ustanoven\u00edmi pr\u00e1vn\u00edch p\u0159edpis\u016f v oblasti ochrany osobn\u00edch \u00fadaj\u016f, a to zejm\u00e9na na\u0159\u00edzen\u00edm Evropsk\u00e9ho parlamentu a Rady (EU) 2016\/679 ze dne 27. dubna 2016, o ochran\u011b fyzick\u00fdch osob v souvislosti se zpracov\u00e1n\u00edm osobn\u00edch \u00fadaj\u016f a o voln\u00e9m pohybu t\u011bchto \u00fadaj\u016f a o zru\u0161en\u00ed sm\u011brnice 95\/46\/ES (d\u00e1le je \u201ena\u0159\u00edzen\u00ed\u00a0GDPR\u201c).<\/p>\n<!-- \/wp:paragraph --><!-- wp:paragraph -->\n<p><strong>\u010cl. I.<\/strong><\/p>\n<!-- \/wp:paragraph --><!-- wp:paragraph -->\n<p><strong>\u00dadaje\u00a0o spr\u00e1vci osobn\u00edch \u00fadaj\u016f:<\/strong><\/p>\n<!-- \/wp:paragraph --><!-- wp:paragraph -->\n<p>Revma Liga \u010cesk\u00e1 republika, z.s.<\/p>\n<p>Revmatologick\u00fd \u00fastav, Na Slupi 450\/4, 128 50 Praha 2, I\u010c: 41193644<\/p>\n<!-- \/wp:paragraph --><!-- wp:paragraph --><!-- \/wp:paragraph --><!-- wp:paragraph --><!-- \/wp:paragraph --><!-- wp:paragraph --><!-- \/wp:paragraph --><!-- wp:paragraph -->\n<p>Bankovn\u00ed spojen\u00ed: 6095389\/0800<\/p>\n<!-- \/wp:paragraph --><!-- wp:paragraph -->\n<p>P\u0159edsedkyn\u011b spolku:<\/p>\n<!-- \/wp:paragraph --><!-- wp:paragraph -->\n<p>Edita M\u00fcllerov\u00e1<\/p>\n<!-- \/wp:paragraph --><!-- wp:paragraph -->\n<p>+420 604 925 076<\/p>\n<!-- \/wp:paragraph --><!-- wp:paragraph -->\n<p>edita.mullerova@revmaliga.cz<\/p>\n<!-- \/wp:paragraph --><!-- wp:paragraph -->\n<p>(d\u00e1le jen \u201eSpr\u00e1vce\u201c)<\/p>\n<!-- \/wp:paragraph --><!-- wp:paragraph -->\n<p><strong>\u010cL. II<\/strong><\/p>\n<!-- \/wp:paragraph --><!-- wp:paragraph -->\n<p><strong>Z\u00e1kladn\u00ed pojmy<\/strong><\/p>\n<!-- \/wp:paragraph --><!-- wp:paragraph -->\n<p>Osobn\u00edm \u00fadajem se rozum\u00ed ve\u0161ker\u00e9 informace o identifikovan\u00e9 nebo identifikovateln\u00e9 fyzick\u00e9 osob\u011b (\u201esubjekt \u00fadaj\u016f\u201c).<\/p>\n<!-- \/wp:paragraph --><!-- wp:paragraph -->\n<p>Subjektem \u00fadaj\u016f se pak rozum\u00ed identifikovateln\u00e1 fyzick\u00e1 osoba, kterou lze p\u0159\u00edmo \u010di nep\u0159\u00edmo identifikovat, zejm\u00e9na odkazem na ur\u010dit\u00fd identifik\u00e1tor, nap\u0159\u00edklad jm\u00e9no, identifika\u010dn\u00ed \u010d\u00edslo, loka\u010dn\u00ed \u00fadaje, s\u00ed\u0165ov\u00fd identifik\u00e1tor nebo na jeden \u010di v\u00edce zvl\u00e1\u0161tn\u00edch prvk\u016f fyzick\u00e9, fyziologick\u00e9, genetick\u00e9, psychick\u00e9, ekonomick\u00e9, kulturn\u00ed nebo spole\u010densk\u00e9 identity t\u00e9to fyzick\u00e9 osoby. V p\u0159\u00edpad\u011b poskytov\u00e1n\u00ed zdravotn\u00edch slu\u017eeb je subjektem \u00fadaj\u016f pacient.<\/p>\n<!-- \/wp:paragraph --><!-- wp:paragraph -->\n<p>Spr\u00e1vcem se rozum\u00ed fyzick\u00e1 nebo pr\u00e1vnick\u00e1 osoba, org\u00e1n ve\u0159ejn\u00e9 moci, agentura nebo jin\u00fd subjekt, kter\u00fd s\u00e1m nebo spole\u010dn\u011b s jin\u00fdmi ur\u010duje \u00fa\u010dely a prost\u0159edky zpracov\u00e1n\u00ed osobn\u00edch \u00fadaj\u016f.<\/p>\n<!-- \/wp:paragraph --><!-- wp:paragraph -->\n<p>Zpracov\u00e1n\u00ed osobn\u00edch \u00fadaj\u016f p\u0159edstavuje jakoukoliv operaci nebo soubor operac\u00ed s osobn\u00edmi \u00fadaji nebo soubory osobn\u00edch \u00fadaj\u016f, kter\u00fd je prov\u00e1d\u011bn pomoc\u00ed \u010di bez pomoci automatizovan\u00fdch postup\u016f, jako je shrom\u00e1\u017ed\u011bn\u00ed, zaznamen\u00e1n\u00ed, uspo\u0159\u00e1d\u00e1n\u00ed, strukturov\u00e1n\u00ed, ulo\u017een\u00ed, p\u0159izp\u016fsoben\u00ed nebo pozm\u011bn\u011bn\u00ed, vyhled\u00e1n\u00ed, nahl\u00e9dnut\u00ed, pou\u017eit\u00ed, zp\u0159\u00edstupn\u011bn\u00ed p\u0159enosem, \u0161\u00ed\u0159en\u00ed nebo jak\u00e9koliv jin\u00e9 zp\u0159\u00edstupn\u011bn\u00ed, se\u0159azen\u00ed \u010di zkombinov\u00e1n\u00ed, omezen\u00ed, v\u00fdmaz nebo zni\u010den\u00ed.<\/p>\n<!-- \/wp:paragraph --><!-- wp:paragraph -->\n<p>Zpracovatelem se rozum\u00ed fyzick\u00e1 nebo pr\u00e1vnick\u00e1 osoba, org\u00e1n ve\u0159ejn\u00e9 moci, agentura nebo jin\u00fd subjekt, kter\u00fd zpracov\u00e1v\u00e1 osobn\u00ed \u00fadaje pro spr\u00e1vce.<\/p>\n<!-- \/wp:paragraph --><!-- wp:paragraph -->\n<p>P\u0159\u00edjemcem se rozum\u00ed fyzick\u00e1 nebo pr\u00e1vnick\u00e1 osoba, org\u00e1n ve\u0159ejn\u00e9 moci, agentura nebo jin\u00fd subjekt, kter\u00fdm jsou osobn\u00ed \u00fadaje poskytnuty, a\u0165 u\u017e se jedn\u00e1 o t\u0159et\u00ed stranu, \u010di nikoli.<\/p>\n<!-- \/wp:paragraph --><!-- wp:paragraph -->\n<p><strong>\u010cl. III<\/strong><\/p>\n<!-- \/wp:paragraph --><!-- wp:paragraph -->\n<p><strong>Kategorie subjekt\u016f osobn\u00edch \u00fadaj\u016f<\/strong><\/p>\n<!-- \/wp:paragraph --><!-- wp:paragraph -->\n<p>Tyto z\u00e1sady se vztahuj\u00ed na zpracov\u00e1n\u00ed osobn\u00edch \u00fadaj\u016f Spr\u00e1vcem t\u011bchto kategori\u00ed subjekt\u016f osobn\u00edch \u00fadaj\u016f:<\/p>\n<!-- \/wp:paragraph --><!-- wp:paragraph -->\n<p>Odb\u011bratel\u00e9 newsletteru<\/p>\n<!-- \/wp:paragraph --><!-- wp:paragraph -->\n<p>Potenci\u00e1ln\u00ed z\u00e1kazn\u00edci<\/p>\n<!-- \/wp:paragraph --><!-- wp:paragraph -->\n<p>N\u00e1v\u0161t\u011bvn\u00edci webov\u00fdch str\u00e1nek<\/p>\n<!-- \/wp:paragraph --><!-- wp:paragraph -->\n<p>N\u00e1v\u0161t\u011bvn\u00edci webov\u00fdch str\u00e1nek vypl\u0148uj\u00edc\u00ed kontaktn\u00ed formul\u00e1\u0159<\/p>\n<!-- \/wp:paragraph --><!-- wp:paragraph -->\n<p>N\u00e1v\u0161t\u011bvn\u00edci webov\u00fdch str\u00e1nek vyu\u017e\u00edvaj\u00edc\u00ed Chat bot<\/p>\n<!-- \/wp:paragraph --><!-- wp:paragraph -->\n<p><strong>\u010cl. IV<\/strong><\/p>\n<!-- \/wp:paragraph --><!-- wp:paragraph -->\n<p><strong>Rozsah, \u00fa\u010del a pr\u00e1vn\u00ed z\u00e1klad zpracov\u00e1n\u00ed osobn\u00edch \u00fadaj\u016f<\/strong><\/p>\n<!-- \/wp:paragraph --><!-- wp:table -->\n<figure class=\"wp-block-table\">\n<table>\n<tbody>\n<tr>\n<td><strong>Kategorie subjekt\u016f \u00fadaj\u016f<\/strong><\/td>\n<td><strong>\u00da\u010del<\/strong><\/td>\n<td><strong>Rozsah zpracov\u00e1van\u00fdch osobn\u00edch \u00fadaj\u016f<\/strong><\/td>\n<td><strong>Pr\u00e1vn\u00ed z\u00e1klad zpracov\u00e1n\u00ed<\/strong><\/td>\n<\/tr>\n<tr>\n<td>Odb\u011bratel\u00e9 newsletteru<\/td>\n<td>Zas\u00edl\u00e1n\u00ed obchodn\u00edch sd\u011blen\u00ed obsahuj\u00edc\u00ed zejm\u00e9na novinky a nab\u00eddky slu\u017eeb Spr\u00e1vce zejm\u00e9na ve form\u011b newsletteru<\/td>\n<td>E-mail<\/td>\n<td>Pr\u00e1vn\u00edm z\u00e1kladem je souhlas subjektu \u00fadaj\u016f<\/td>\n<\/tr>\n<tr>\n<td>Potenci\u00e1ln\u00ed klienti<\/td>\n<td>Registrace v\u00a0programu provozovan\u00fdch Spr\u00e1vcem<\/td>\n<td>Jm\u00e9no a p\u0159\u00edjmen\u00ed, E-mail, Adresa, Telefon, Datum a \u010das<\/td>\n<td>Pr\u00e1vn\u00edm z\u00e1kladem je spln\u011bn\u00ed smlouvy, nebo proveden\u00ed opat\u0159en\u00ed p\u0159ijat\u00fdch p\u0159ed uzav\u0159en\u00edm smlouvy na \u017e\u00e1dost tohoto subjektu \u00fadaj\u016f<\/td>\n<\/tr>\n<tr>\n<td>N\u00e1v\u0161t\u011bvn\u00edci webov\u00fdch str\u00e1nek<\/td>\n<td>Zaji\u0161t\u011bn\u00ed spr\u00e1vn\u00e9ho fungov\u00e1n\u00ed webov\u00fdch str\u00e1nek, sledov\u00e1n\u00ed n\u00e1v\u0161t\u011bvnosti str\u00e1nek a interakce n\u00e1v\u0161t\u011bvn\u00edka s\u00a0webov\u00fdmi str\u00e1nkami, sd\u00edlen\u00ed obsahu webov\u00fdch str\u00e1nek prost\u0159ednictv\u00edm soci\u00e1ln\u00edch s\u00edt\u00ed u\u017e\u00edvan\u00fdch n\u00e1v\u0161t\u011bvn\u00edkem str\u00e1nek<\/td>\n<td>IP adresa, typ webov\u00e9ho prohl\u00ed\u017ee\u010de,\u00a0<\/td>\n<td>Pr\u00e1vn\u00edm z\u00e1kladem zpracov\u00e1n\u00ed osobn\u00edch \u00fadaj\u016f je v\u00a0p\u0159\u00edpad\u011b zaji\u0161t\u011bn\u00ed spr\u00e1vn\u00e9ho fungov\u00e1n\u00ed webov\u00fdch str\u00e1nek pln\u011bn\u00ed smlouvy. V\u00a0ostatn\u00edch p\u0159\u00edpadech je pr\u00e1vn\u00edm z\u00e1kladem V\u00e1\u0161 souhlas, kter\u00fd vyjad\u0159ujete\u00a0zakliknut\u00edm\u00a0p\u0159\u00edslu\u0161n\u00fdch pol\u00ed\u010dek na cookie li\u0161t\u011b zobrazuj\u00edc\u00ed se na webov\u00fdch str\u00e1nk\u00e1ch.\u00a0<\/td>\n<\/tr>\n<tr>\n<td>N\u00e1v\u0161t\u011bvn\u00edci webov\u00fdch str\u00e1nek vypl\u0148uj\u00edc\u00ed kontaktn\u00ed formul\u00e1\u0159<\/td>\n<td>Vy\u0159izov\u00e1n\u00ed po\u017eadavk\u016f a dotaz\u016f zaslan\u00fdch prost\u0159ednictv\u00edm elektronick\u00e9ho formul\u00e1\u0159e<\/td>\n<td>Jm\u00e9no a p\u0159\u00edjmen\u00ed, E-mail, Telefon, Text zpr\u00e1vy<\/td>\n<td>Pr\u00e1vn\u00edm z\u00e1kladem je opr\u00e1vn\u011bn\u00fd z\u00e1jem Spr\u00e1vce ve smyslu (i) mo\u017enosti z\u00edsk\u00e1vat zp\u011btnou vazbu od z\u00e1kazn\u00edk\u016f a mo\u017enosti reagovat na vznesen\u00e9 po\u017eadavky (ii) mo\u017enosti zlep\u0161ov\u00e1n\u00ed kvality poskytovan\u00fdch slu\u017eeb Spr\u00e1vcem<\/td>\n<\/tr>\n<tr>\n<td>N\u00e1v\u0161t\u011bvn\u00edci webov\u00fdch str\u00e1nek vyu\u017e\u00edvaj\u00edc\u00ed Chat bot<\/td>\n<td>Usnadn\u011bn\u00ed vy\u0159izov\u00e1n\u00ed po\u017eadavk\u016f a dotaz\u016f (jejich kategorizace dle zad\u00e1n\u00ed n\u00e1v\u0161t\u011bvn\u00edka str\u00e1nek)<\/td>\n<td>&#8211;<\/td>\n<td>Pr\u00e1vn\u00edm z\u00e1kladem je pln\u011bn\u00ed smlouvy spo\u010d\u00edvaj\u00edc\u00ed ve vy\u0159\u00edzen\u00ed Va\u0161eho dotazu, nebo proveden\u00ed opat\u0159en\u00ed p\u0159ijat\u00fdch p\u0159ed uzav\u0159en\u00edm takov\u00e9 smlouvy na \u017e\u00e1dost subjektu \u00fadaj\u016f<\/td>\n<\/tr>\n<\/tbody>\n<\/table>\n<\/figure>\n<!-- \/wp:table --><!-- wp:paragraph -->\n<p><strong>\u010cl. V<\/strong><\/p>\n<!-- \/wp:paragraph --><!-- wp:paragraph -->\n<p><strong>Doba zpracov\u00e1n\u00ed osobn\u00edch \u00fadaj\u016f<\/strong><\/p>\n<!-- \/wp:paragraph --><!-- wp:paragraph -->\n<p>Spr\u00e1vce zpracov\u00e1v\u00e1 osobn\u00ed \u00fadaje po zde uvedenou dobu:<\/p>\n<!-- \/wp:paragraph --><!-- wp:table -->\n<figure class=\"wp-block-table\">\n<table>\n<tbody>\n<tr>\n<td><strong>\u00da\u010del\u00a0zpracov\u00e1n\u00ed<\/strong><\/td>\n<td><strong>Doba zpracov\u00e1n\u00ed<\/strong><\/td>\n<\/tr>\n<tr>\n<td>Zas\u00edl\u00e1n\u00ed obchodn\u00edch sd\u011blen\u00ed obsahuj\u00edc\u00ed zejm\u00e9na novinky a nab\u00eddky slu\u017eeb Spr\u00e1vce<\/td>\n<td>Po dobu trv\u00e1n\u00ed souhlasu, max. v\u0161ak po dobu 2 let<\/td>\n<\/tr>\n<tr>\n<td>Registrace u\u017eivatel\u016f do program\u016f provozovan\u00fdch Spr\u00e1vcem<\/td>\n<td>Po celou dobu programu, dokud u\u017eivatel s\u00e1m\u00a0neza\u017e\u00e1d\u00e1\u00a0spr\u00e1vce, nebo se skrze nastaven\u00ed s\u00e1m nevyma\u017ee z\u00a0datab\u00e1ze.<\/td>\n<\/tr>\n<tr>\n<td>Zaji\u0161t\u011bn\u00ed spr\u00e1vn\u00e9ho fungov\u00e1n\u00ed webov\u00fdch str\u00e1nek, sledov\u00e1n\u00ed n\u00e1v\u0161t\u011bvnosti str\u00e1nek a interakce n\u00e1v\u0161t\u011bvn\u00edka s\u00a0webov\u00fdmi str\u00e1nkami, sd\u00edlen\u00ed obsahu webov\u00fdch str\u00e1nek prost\u0159ednictv\u00edm soci\u00e1ln\u00edch s\u00edt\u00ed u\u017e\u00edvan\u00fdch n\u00e1v\u0161t\u011bvn\u00edkem str\u00e1nek<\/td>\n<td>max. 15 let nebo do odvol\u00e1n\u00ed<\/td>\n<\/tr>\n<tr>\n<td>Vy\u0159izov\u00e1n\u00ed po\u017eadavk\u016f a dotaz\u016f zaslan\u00fdch prost\u0159ednictv\u00edm elektronick\u00e9ho formul\u00e1\u0159e anebo vyu\u017eit\u00edm Chat botu<\/td>\n<td>Po dobu nezbytnou k\u00a0vy\u0159\u00edzen\u00ed po\u017eadavku.<\/td>\n<\/tr>\n<\/tbody>\n<\/table>\n<\/figure>\n<!-- \/wp:table --><!-- wp:paragraph -->\n<p><strong>\u010cl. VI.<\/strong><\/p>\n<!-- \/wp:paragraph --><!-- wp:paragraph -->\n<p><strong>P\u0159\u00edjemci osobn\u00edch \u00fadaj\u016f<\/strong><\/p>\n<!-- \/wp:paragraph --><!-- wp:paragraph -->\n<p>Spr\u00e1vce osobn\u00ed \u00fadaje zp\u0159\u00edstup\u0148uje sv\u00fdm zam\u011bstnanc\u016fm. M\u016f\u017ee je zp\u0159\u00edstupnit i dal\u0161\u00edm p\u0159\u00edjemc\u016fm, mezi kter\u00e9 pat\u0159\u00ed zejm\u00e9na zpracovatel\u00e9 Spr\u00e1vce, kte\u0159\u00ed zpracov\u00e1vaj\u00ed osobn\u00ed \u00fadaje dle jeho pokyn\u016f. Jedn\u00e1 se p\u0159edev\u0161\u00edm o:<\/p>\n<!-- \/wp:paragraph --><!-- wp:paragraph -->\n<p><strong>dodavatel\u00e9 IT slu\u017eeb a \u010di\u00a0cloudov\u00fdch\u00a0technick\u00fdch \u0159e\u0161en\u00ed \u010di slu\u017eeb\u00a0<\/strong>(Google Analytics,\u00a0Smartsupp.com, s.r.o., I\u010cO: 036 68 681, se s\u00eddlem\u00a0\u0160umavsk\u00e1\u00a031, 602 00 Brno\u201d)<\/p>\n<!-- \/wp:paragraph --><!-- wp:paragraph -->\n<p>dal\u0161\u00ed osoby poskytuj\u00edc\u00ed slu\u017eby Spr\u00e1vci<\/p>\n<!-- \/wp:paragraph --><!-- wp:paragraph -->\n<p><strong>\u010cl. VII.<\/strong><\/p>\n<!-- \/wp:paragraph --><!-- wp:paragraph -->\n<p><strong>Zp\u016fsoby zpracov\u00e1n\u00ed osobn\u00edch \u00fadaj\u016f<\/strong><\/p>\n<!-- \/wp:paragraph --><!-- wp:paragraph -->\n<p>Osobn\u00ed \u00fadaje jsou pro v\u00fd\u0161e uveden\u00e9 \u00fa\u010dely zpracov\u00e1v\u00e1ny jak automatizovan\u011b, tak manu\u00e1ln\u011b.<\/p>\n<!-- \/wp:paragraph --><!-- wp:paragraph -->\n<p>P\u0159i zpracov\u00e1n\u00ed osobn\u00edch \u00fadaj\u016f nedoch\u00e1z\u00ed k automatizovan\u00e9mu rozhodov\u00e1n\u00ed, tj. rozhodnut\u00ed zalo\u017een\u00e9m v\u00fdhradn\u011b na automatizovan\u00e9m zpracov\u00e1n\u00ed, v\u010detn\u011b profilov\u00e1n\u00ed.<\/p>\n<!-- \/wp:paragraph --><!-- wp:paragraph -->\n<p>Spr\u00e1vce nep\u0159ed\u00e1v\u00e1 osobn\u00ed \u00fadaje do t\u0159et\u00ed zem\u011b (mimo EU) nebo mezin\u00e1rodn\u00ed organizaci. N\u011bkte\u0159\u00ed dodavatel\u00e9 slu\u017eeb v\u0161ak zpracov\u00e1vaj\u00ed osobn\u00ed \u00fadaje mimo EU. V\u00a0t\u011bchto p\u0159\u00edpadech zaji\u0161\u0165ujeme odpov\u00eddaj\u00edc\u00ed \u00farove\u0148 jejich ochrany tak, abychom vyhov\u011bli ve\u0161ker\u00fdm po\u017eadavk\u016fm pr\u00e1vn\u00edch p\u0159edpis\u016f (zpravidla uzav\u00edr\u00e1me tzv. standardn\u00ed smluvn\u00ed dolo\u017eky EU, kter\u00e9 byly vyd\u00e1ny Evropskou komis\u00ed).<\/p>\n<!-- \/wp:paragraph --><!-- wp:paragraph -->\n<p><strong>\u010cL. VIII<\/strong><\/p>\n<!-- \/wp:paragraph --><!-- wp:paragraph -->\n<p><strong>Pr\u00e1va \u00fa\u010dastn\u00edka Programu<\/strong><\/p>\n<!-- \/wp:paragraph --><!-- wp:paragraph -->\n<p>\u00da\u010dastn\u00edk\u00a0Programu m\u00e1 tato pr\u00e1va ohledn\u011b ochrany jeho osobn\u00edch \u00fadaj\u016f:<\/p>\n<!-- \/wp:paragraph --><!-- wp:paragraph -->\n<p>Pr\u00e1vo na p\u0159\u00edstup ke sv\u00fdm osobn\u00edm \u00fadaj\u016fm: \u00fa\u010dastn\u00edk Programu m\u00e1 pr\u00e1vo od Spr\u00e1vce z\u00edskat potvrzen\u00ed o tom, zda jsou jeho osobn\u00ed \u00fadaje zpracov\u00e1v\u00e1ny. Pokud zpracov\u00e1v\u00e1ny jsou, m\u00e1 \u00fa\u010dastn\u00edk Programu pr\u00e1vo z\u00edskat k t\u011bmto osobn\u00edm \u00fadaj\u016fm p\u0159\u00edstup.<\/p>\n<!-- \/wp:paragraph --><!-- wp:paragraph -->\n<p>Pr\u00e1vo na opravu osobn\u00edch \u00fadaj\u016f: \u00fa\u010dastn\u00edk Programu m\u00e1 pr\u00e1vo, aby byly jeho nep\u0159esn\u00e9 osobn\u00ed \u00fadaje opraveny, jsou-li nep\u0159esn\u00e9.<\/p>\n<!-- \/wp:paragraph --><!-- wp:paragraph -->\n<p>Pr\u00e1vo na v\u00fdmaz osobn\u00edch \u00fadaj\u016f: \u00fa\u010dastn\u00edk Programu m\u00e1 pr\u00e1vo na v\u00fdmaz sv\u00fdch osobn\u00edch \u00fadaj\u016f, leda\u017ee se uplatn\u00ed v\u00fdjimky oprav\u0148uj\u00edc\u00ed Spr\u00e1vce osobn\u00ed \u00fadaje i nad\u00e1le zpracov\u00e1vat. Osobn\u00ed \u00fadaje budou vymaz\u00e1ny zejm\u00e9na pokud bude odvol\u00e1n souhlas s jejich zpracov\u00e1n\u00edm, a nebude-li existovat \u017e\u00e1dn\u00fd dal\u0161\u00ed pr\u00e1vn\u00ed d\u016fvod ke zpracov\u00e1n\u00ed<\/p>\n<!-- \/wp:paragraph --><!-- wp:paragraph -->\n<p>Pr\u00e1vo na omezen\u00ed zpracov\u00e1n\u00ed osobn\u00edch \u00fadaj\u016f: \u00fa\u010dastn\u00edk Programu m\u016f\u017ee po\u017e\u00e1dat omezen\u00ed zpracov\u00e1n\u00ed sv\u00fdch osobn\u00edch \u00fadaj\u016f zejm\u00e9na v p\u0159\u00edpadech, kdy pop\u00edr\u00e1 p\u0159esnost zpracov\u00e1van\u00fdch osobn\u00edch \u00fadaj\u016f nebo vznesl n\u00e1mitku proti zpracov\u00e1n\u00ed.<\/p>\n<!-- \/wp:paragraph --><!-- wp:paragraph -->\n<p>Pr\u00e1vo na p\u0159enositelnost osobn\u00edch \u00fadaj\u016f: \u00fa\u010dastn\u00edk Programu je opr\u00e1vn\u011bn z\u00edskat osobn\u00ed \u00fadaje, kter\u00e9 se ho t\u00fdkaj\u00ed a je\u017e poskytl Spr\u00e1vci, ve strukturovan\u00e9m, b\u011b\u017en\u011b pou\u017e\u00edvan\u00e9m a strojov\u011b \u010diteln\u00e9m form\u00e1tu, a je opr\u00e1vn\u011bn p\u0159edat tyto \u00fadaje jin\u00e9mu spr\u00e1vci. Sou\u010dasn\u011b m\u00e1 pr\u00e1vo na to, aby jeho osobn\u00ed \u00fadaje byly Spr\u00e1vcem p\u0159ed\u00e1ny spr\u00e1vci druh\u00e9mu, pokud je to technicky provediteln\u00e9.<\/p>\n<!-- \/wp:paragraph --><!-- wp:paragraph -->\n<p>Pr\u00e1vo vzn\u00e9st n\u00e1mitku proti zpracov\u00e1n\u00ed osobn\u00edch \u00fadaj\u016f: \u00fa\u010dastn\u00edk Programu m\u016f\u017ee podat n\u00e1mitku proti zpracov\u00e1n\u00ed osobn\u00edch \u00fadaj\u016f zalo\u017een\u00e9m na opr\u00e1vn\u011bn\u00e9m z\u00e1jmu Spr\u00e1vce, nebo v p\u0159\u00edpad\u011b zpracov\u00e1n\u00ed osobn\u00edch \u00fadaj\u016f pro \u00fa\u010dely p\u0159\u00edm\u00e9ho marketingu (nap\u0159. zas\u00edl\u00e1n\u00ed newsletteru).<\/p>\n<!-- \/wp:paragraph --><!-- wp:paragraph -->\n<p>Pr\u00e1vo na odvol\u00e1n\u00ed souhlasu: Osobn\u00ed \u00fadaje jsou zpracov\u00e1v\u00e1ny na z\u00e1klad\u011b souhlasu, kter\u00fd lze kdykoli odvolat. Odvol\u00e1n\u00edm tohoto souhlasu v\u0161ak nen\u00ed dot\u010dena z\u00e1konnost zpracov\u00e1n\u00ed osobn\u00edch \u00fadaj\u016f zalo\u017een\u00e1 na tomto souhlasu p\u0159ed jeho odvol\u00e1n\u00edm. Odvolat souhlas je mo\u017en\u00e9 kdykoli p\u00edsemn\u011b. V tomto p\u0159\u00edpad\u011b Spr\u00e1vce zastav\u00ed ve\u0161ker\u00e9 zpracovatelsk\u00e9 \u010dinnosti. Odvol\u00e1n\u00ed tohoto souhlasu v\u0161ak neznamen\u00e1, \u017ee by Spr\u00e1vce musel smazat osobn\u00ed \u00fadaje, kter\u00e9 Spr\u00e1vce zpracov\u00e1v\u00e1 pro \u00fa\u010del pln\u011bn\u00ed smlouvy uzav\u0159en\u00e9 s \u00fa\u010dastn\u00edkem Programu.<\/p>\n<!-- \/wp:paragraph --><!-- wp:paragraph -->\n<p>Uveden\u00e1 pr\u00e1va lze realizovat prost\u0159ednictv\u00edm zasl\u00e1n\u00ed e-mailu nebo dopisu na kontaktn\u00ed adresu Spr\u00e1vce uvedenou v z\u00e1hlav\u00ed tohoto dokumentu, odhl\u00e1\u0161en\u00ed z odb\u011bru newsletteru je mo\u017en\u00e9 u\u010dinit kdykoli podle v n\u011bm specifikovan\u00fdch informac\u00ed.<\/p>\n<!-- \/wp:paragraph --><!-- wp:paragraph -->\n<p>Pr\u00e1vo podat st\u00ed\u017enost u dozorov\u00e9ho \u00fa\u0159adu \u2013 tj.\u00a0\u00da\u0159adu\u00a0na ochranu osobn\u00edch \u00fadaj\u016f.<\/p>\n<!-- \/wp:paragraph --><!-- wp:paragraph -->\n<p>V Praze dne 5.10.2018 (aktualizov\u00e1no 01.05.2023)<\/p>\n<!-- \/wp:paragraph --><\/div>\n\t\t\t\t<\/div>\n\t\t\t\t<\/div>\n\t\t\t\t\t\t<\/div>\n\t\t\t\t\t<\/div>\n\t\t<\/div>\n\t\t\t\t\t\t\t\t<\/div>\n\t\t\t\t\t<\/div>\n\t\t<\/section>\n\t\t\t\t\t\t<\/div>\n\t\t\t\t\t\t<\/div>\n\t\t\t\t\t<\/div>\n\t\t","protected":false},"excerpt":{"rendered":"<p>Z\u00e1sady ochrany osobn\u00edch \u00fadaj\u016f Spole\u010dnost Revma Liga \u010cesk\u00e1 republika, z.s. prost\u0159ednictv\u00edm t\u011bchto Z\u00e1sad ochrany osobn\u00edch \u00fadaj\u016f informuje subjekty \u00fadaj\u016f, jejich\u017e osobn\u00ed \u00fadaje jsou zpracov\u00e1v\u00e1ny, o podrobnostech tohoto zpracov\u00e1n\u00ed a jejich pr\u00e1vech ve vztahu k ochran\u011b osobn\u00edch \u00fadaj\u016f. Spole\u010dnost \u010cesk\u00e1 republika, z.s. prohla\u0161uje, \u017ee osobn\u00ed \u00fadaje subjekt\u016f \u00fadaj\u016f zpracov\u00e1v\u00e1 v souladu s \u00fa\u010dinn\u00fdmi ustanoven\u00edmi pr\u00e1vn\u00edch p\u0159edpis\u016f [&hellip;]<\/p>\n","protected":false},"author":1,"featured_media":0,"parent":0,"menu_order":0,"comment_status":"closed","ping_status":"open","template":"elementor_canvas","meta":[],"_links":{"self":[{"href":"https:\/\/www.denartritidy.cz\/2024\/wp-json\/wp\/v2\/pages\/3"}],"collection":[{"href":"https:\/\/www.denartritidy.cz\/2024\/wp-json\/wp\/v2\/pages"}],"about":[{"href":"https:\/\/www.denartritidy.cz\/2024\/wp-json\/wp\/v2\/types\/page"}],"author":[{"embeddable":true,"href":"https:\/\/www.denartritidy.cz\/2024\/wp-json\/wp\/v2\/users\/1"}],"replies":[{"embeddable":true,"href":"https:\/\/www.denartritidy.cz\/2024\/wp-json\/wp\/v2\/comments?post=3"}],"version-history":[{"count":2,"href":"https:\/\/www.denartritidy.cz\/2024\/wp-json\/wp\/v2\/pages\/3\/revisions"}],"predecessor-version":[{"id":841,"href":"https:\/\/www.denartritidy.cz\/2024\/wp-json\/wp\/v2\/pages\/3\/revisions\/841"}],"wp:attachment":[{"href":"https:\/\/www.denartritidy.cz\/2024\/wp-json\/wp\/v2\/media?parent=3"}],"curies":[{"name":"wp","href":"https:\/\/api.w.org\/{rel}","templated":true}]}}